{"id":26129,"date":"2020-03-12T11:18:58","date_gmt":"2020-03-12T10:18:58","guid":{"rendered":"https:\/\/www.suncamp.nl\/blog\/?post_type=listing&#038;p=26129"},"modified":"2023-08-14T17:05:47","modified_gmt":"2023-08-14T15:05:47","slug":"rijeka-kulturhauptstadt-2020","status":"publish","type":"listing","link":"https:\/\/www.suncamp.de\/blog\/listing\/rijeka-kulturhauptstadt-2020\/","title":{"rendered":"Kulturhauptstadt 2020: Rijeka, \u201eHafen der Vielf\u00e4ltigkeit\u201c"},"content":{"rendered":"<p><strong>Die kroatische Hafenstadt Rijeka ist die <a href=\"https:\/\/ec.europa.eu\/programmes\/creative-europe\/actions\/capitals-culture_de\" target=\"_blank\" rel=\"noopener\">Kulturhauptstadt Europas 2020<\/a>. Bei Touristen war die Stadt bislang noch unbekannt, obwohl sie die drittgr\u00f6\u00dfte Stadt Kroatiens ist. Das wird sich dieses Jahr \u00e4ndern, und das ganz zurecht. Von malerischen Villen am Meer bis zu industriellem Charme im Hafengebiet ist die Stadt so vielf\u00e4ltig wie ein Campingurlaub in Kroatien. Wir stellen euch die aufregende Hafenstadt vor und geben euch Tipps f\u00fcr euren Besuch in der Kulturhauptstadt 2020.<\/strong><\/p>\n<h3>Rijeka: Eine vielf\u00e4ltige Kulturhauptstadt<\/h3>\n<p><a href=\"http:\/\/www.visitrijeka.eu\/de\/\" target=\"_blank\" rel=\"noopener\">Rijeka<\/a> ist schon wegen seiner Lage einen Besuch wert. Direkt an der Adria bietet sie eine tolle Aussicht auf die Kvarner Bucht, w\u00e4hrend sich im Hinterland das U\u010dka-Gebirge erhebt. Sie ist bekannt als eine der liberalsten St\u00e4dte <a href=\"https:\/\/www.suncamp.de\/kroatien\">Kroatiens<\/a>. Das zieht viele K\u00fcnstler und Studenten nach Rijeka. Die Stadt ist einerseits gepr\u00e4gt von dieser jungen und freien Energie und andererseits von der Industrie, die durch den gro\u00dfen Hafen Einzug in die Stadt erh\u00e4lt. Dies in Kombination mit der langen Geschichte der Stadt und dem Einfluss vieler verschiedener Kulturen, haben die Stadt zu ihrem Titel als Kulturhauptstadt gef\u00fchrt: Rijeka, Hafen der Vielf\u00e4ltigkeit.<\/p>\n<div id=\"attachment_26150\" style=\"width: 810px\" class=\"wp-caption alignnone\"><img loading=\"lazy\" decoding=\"async\" aria-describedby=\"caption-attachment-26150\" class=\"wp-image-26150\" src=\"https:\/\/www.suncamp.de\/blog\/wp-content\/uploads\/\/2020\/03\/Port-1024x640.jpg\" alt=\"Rijeka Kulturhauptstadt 2020\" width=\"800\" height=\"500\" srcset=\"https:\/\/www.suncamp.de\/blog\/wp-content\/uploads\/2020\/03\/Port-1024x640.jpg 1024w, https:\/\/www.suncamp.de\/blog\/wp-content\/uploads\/2020\/03\/Port-480x300.jpg 480w, https:\/\/www.suncamp.de\/blog\/wp-content\/uploads\/2020\/03\/Port-768x480.jpg 768w, https:\/\/www.suncamp.de\/blog\/wp-content\/uploads\/2020\/03\/Port-1536x960.jpg 1536w, https:\/\/www.suncamp.de\/blog\/wp-content\/uploads\/2020\/03\/Port-scaled.jpg 2048w, https:\/\/www.suncamp.de\/blog\/wp-content\/uploads\/2020\/03\/Port-404x253.jpg 404w\" sizes=\"auto, (max-width: 800px) 100vw, 800px\" \/><p id=\"caption-attachment-26150\" class=\"wp-caption-text\">Das Motto der europ\u00e4ischen Kulturhauptstad ist Hafen der Vielf\u00e4ltigkeit, was sich im Stadtbild widerspiegelt.<\/p><\/div>\n<h3>Sehensw\u00fcrdigkeiten in Rijeka: Die Highlights der Kulturhauptstadt<\/h3>\n<p>Nat\u00fcrlich hat die Stadt sich f\u00fcr das Jahr 2020 extra herausgeputzt und ganz besondere Sehensw\u00fcrdigkeiten f\u00fcr seine Besucher er\u00f6ffnet. Hierf\u00fcr wurden viele alte Fabrik- und Lagerhallen im Ben\u010di\u0107 Bezirk umgebaut und renoviert. Unter anderem ist hier das <a href=\"https:\/\/mmsu.hr\/en\/\" target=\"_blank\" rel=\"noopener noreferrer\">Museum of Modern and Contemporary Art<\/a> entstanden. Ein weiteres Highlight ist das Schiff Galeb, das fr\u00fcher von Tito, dem ehemaligen Pr\u00e4sidenten Jugoslawiens, bewohnt wurde, und jetzt f\u00fcr Besucher zug\u00e4nglich ist. Die frisch renovierte Lagerhalle Exportdrvo beherbergt dieses Jahr verschiedenen Ausstellungen, Konzerte und viele weitere Veranstaltungen. F\u00fcr alle Attraktionen und Veranstaltungen rund um die drei Themenbl\u00f6cke der Kulturhauptstadt Migration, Arbeit und Wasser solltet ihr den <a href=\"https:\/\/rijeka2020.eu\/en\/dogadjanja\/\" target=\"_blank\" rel=\"noopener noreferrer\">Veranstaltungskalender<\/a> im Auge behalten.<\/p>\n<div id=\"attachment_26138\" style=\"width: 810px\" class=\"wp-caption alignnone\"><img loading=\"lazy\" decoding=\"async\" aria-describedby=\"caption-attachment-26138\" class=\"wp-image-26138\" src=\"https:\/\/www.suncamp.de\/blog\/wp-content\/uploads\/\/2020\/03\/Ship-Galeb-1024x641.jpg\" alt=\"Rijeka Kulturhauptstadt 2020\" width=\"800\" height=\"500\" srcset=\"https:\/\/www.suncamp.de\/blog\/wp-content\/uploads\/2020\/03\/Ship-Galeb-1024x641.jpg 1024w, https:\/\/www.suncamp.de\/blog\/wp-content\/uploads\/2020\/03\/Ship-Galeb-480x300.jpg 480w, https:\/\/www.suncamp.de\/blog\/wp-content\/uploads\/2020\/03\/Ship-Galeb-768x480.jpg 768w, https:\/\/www.suncamp.de\/blog\/wp-content\/uploads\/2020\/03\/Ship-Galeb-1536x961.jpg 1536w, https:\/\/www.suncamp.de\/blog\/wp-content\/uploads\/2020\/03\/Ship-Galeb-scaled.jpg 2048w, https:\/\/www.suncamp.de\/blog\/wp-content\/uploads\/2020\/03\/Ship-Galeb-404x253.jpg 404w\" sizes=\"auto, (max-width: 800px) 100vw, 800px\" \/><p id=\"caption-attachment-26138\" class=\"wp-caption-text\">Das Schiff des ehemaligen Pr\u00e4sidenten Titos rostete lange vor sich hin. Jetzt ist es wieder f\u00fcr Besucher zug\u00e4nglich.<\/p><\/div>\n<h3>Ein Tagesausflug nach Rijeka mit der ganzen Familie<\/h3>\n<p>In Rijeka gibt es ein gro\u00dfes Angebot f\u00fcr die ganze Familie. Im Rahmen des Projekts Europ\u00e4ische Kulturhauptstadt 2020 wurde in einem alten Backsteinhaus, in dem fr\u00fcher Tabak verarbeitet wurde, das sogenannte <a href=\"https:\/\/rijeka2020.eu\/en\/about-the-project\/buildings-renovation\/djecja-kuca\/\" target=\"_blank\" rel=\"noopener noreferrer\">Kinderhaus<\/a> errichtet. Hier finden Veranstaltungen und Workshops statt zum Thema Musik, Film, Computerspiele und Theater f\u00fcr Kinder von 0 bis 12.<\/p>\n<p>F\u00fcr die \u00e4lteren Kinder ist die <a href=\"https:\/\/rijeka2020.eu\/en\/dogadjanja\/rijeka-zip-line\/\" target=\"_blank\" rel=\"noopener noreferrer\">Zip-Line<\/a>, die vom Kastell von Trsat bis zu einer alten Lagerhalle am Hafen f\u00fchrt, ein echtes Abenteuer. Schwebt \u00fcber die Stadt und genie\u00dft das Gef\u00fchl wie ein Vogel zu fliegen. Schlie\u00dft den Tag mit einem Familienessen in einem der Konobas ab. In diesen traditionellen kroatischen Lokalen herrscht eine gem\u00fctliche Atmosph\u00e4re und ihr k\u00f6nnt Spezialit\u00e4ten wie Surlice oder Pljukanci probieren.<\/p>\n<div id=\"attachment_26154\" style=\"width: 810px\" class=\"wp-caption alignnone\"><img loading=\"lazy\" decoding=\"async\" aria-describedby=\"caption-attachment-26154\" class=\"wp-image-26154\" src=\"https:\/\/www.suncamp.de\/blog\/wp-content\/uploads\/\/2020\/03\/Rijeka-vanuit-kasteel-Trsat-1024x640.jpg\" alt=\"Rijeka Kulturhauptstadt 2020\" width=\"800\" height=\"500\" srcset=\"https:\/\/www.suncamp.de\/blog\/wp-content\/uploads\/2020\/03\/Rijeka-vanuit-kasteel-Trsat-1024x640.jpg 1024w, https:\/\/www.suncamp.de\/blog\/wp-content\/uploads\/2020\/03\/Rijeka-vanuit-kasteel-Trsat-480x300.jpg 480w, https:\/\/www.suncamp.de\/blog\/wp-content\/uploads\/2020\/03\/Rijeka-vanuit-kasteel-Trsat-768x480.jpg 768w, https:\/\/www.suncamp.de\/blog\/wp-content\/uploads\/2020\/03\/Rijeka-vanuit-kasteel-Trsat-1536x961.jpg 1536w, https:\/\/www.suncamp.de\/blog\/wp-content\/uploads\/2020\/03\/Rijeka-vanuit-kasteel-Trsat-scaled.jpg 2048w, https:\/\/www.suncamp.de\/blog\/wp-content\/uploads\/2020\/03\/Rijeka-vanuit-kasteel-Trsat-404x253.jpg 404w\" sizes=\"auto, (max-width: 800px) 100vw, 800px\" \/><p id=\"caption-attachment-26154\" class=\"wp-caption-text\">Vom Kastell von Trsat hat man eine tolle Aussicht auf Rijeka und die Kvarner Bucht. Erst recht, wenn man mit der Zip-Line nach untern rauscht.<\/p><\/div>\n<h3>Was man bei einem St\u00e4dtetrip nach Rijeka gesehen haben muss<\/h3>\n<p>Ein Teil der Stadt liegt auf dem Berg Trsat. Von hier aus hat man nicht nur den besten Panoramablick \u00fcber Stadt und Meer, sondern kann auch das Kastell von Trsat besuchen. Im Sommer finden dort viele Open-Air Veranstaltungen statt, zum Beispiel der <a href=\"http:\/\/www.visitrijeka.eu\/de\/Was_tun\/Jahrliche_Veranstaltungen\/Sommer_auf_der_Gradina\" target=\"_blank\" rel=\"noopener noreferrer\">Sommer auf Gradina<\/a>, ein Festival mit Tanz, Musik und Kunst, das jedes Jahr von Juni bis September stattfindet. Au\u00dferdem man kann das ganze Jahr \u00fcber Ausstellungen besuchen und die Burg erkunden. Einen ganz besonderen Charme haben die verlassenen Lagerhallen im Industriegebiet. Hollywood, f\u00fcr das Kroatien sowieso ein beliebter Drehort ist, hat das schon erkannt und sie als Drehort f\u00fcr die Stephen King-Verfilmung von The Dark Tower genutzt.<\/p>\n<div id=\"attachment_26134\" style=\"width: 810px\" class=\"wp-caption alignnone\"><img loading=\"lazy\" decoding=\"async\" aria-describedby=\"caption-attachment-26134\" class=\"wp-image-26134\" src=\"https:\/\/www.suncamp.de\/blog\/wp-content\/uploads\/\/2020\/03\/Abandoned-torpedo-ramp-1024x640.jpg\" alt=\"Rijeka Kulturhauptstadt 2020\" width=\"800\" height=\"500\" srcset=\"https:\/\/www.suncamp.de\/blog\/wp-content\/uploads\/2020\/03\/Abandoned-torpedo-ramp-1024x640.jpg 1024w, https:\/\/www.suncamp.de\/blog\/wp-content\/uploads\/2020\/03\/Abandoned-torpedo-ramp-480x300.jpg 480w, https:\/\/www.suncamp.de\/blog\/wp-content\/uploads\/2020\/03\/Abandoned-torpedo-ramp-768x480.jpg 768w, https:\/\/www.suncamp.de\/blog\/wp-content\/uploads\/2020\/03\/Abandoned-torpedo-ramp-1536x959.jpg 1536w, https:\/\/www.suncamp.de\/blog\/wp-content\/uploads\/2020\/03\/Abandoned-torpedo-ramp-scaled.jpg 2048w, https:\/\/www.suncamp.de\/blog\/wp-content\/uploads\/2020\/03\/Abandoned-torpedo-ramp-404x253.jpg 404w\" sizes=\"auto, (max-width: 800px) 100vw, 800px\" \/><p id=\"caption-attachment-26134\" class=\"wp-caption-text\">Viele alte Geb\u00e4ude wurden renoviert. Andere, wie diese alte Torpedo-Startrampe wurden erhalten und sogar schon als Filmkulisse benutzt.<\/p><\/div>\n<p>Bei einem Besuch in Rijeka kommt ihr nicht um den Korzo herum: Die beliebte Einkaufsstra\u00dfe und Fu\u00dfg\u00e4ngerzone. Bummelt durch die Gesch\u00e4fte hinter den bunten Fassaden oder setzt euch in eines der gem\u00fctlichen Caf\u00e9s am Stra\u00dfenrand und beobachtet das Treiben der Menschen. Hier treffen Einheimische und Touristen aufeinander, ein echtes Kulturerlebnis. Auf dem Korzo findet ihr den Stadtturm, das Wahrzeichen von Rijeka. Erkundet auch die Kathedrale des heiligen Vitus, des Schutzheiligen der Stadt, schlendert \u00fcber den 1,7 Kilometer langen Hafendamm, den Molo Longo, oder besucht die unterirdischen Tunnel, ein \u00dcberbleibsel aus dem zweiten Weltkrieg, die heute frei zug\u00e4nglich sind und oft als Party-Location genutzt werden.<\/p>\n<div id=\"attachment_26168\" style=\"width: 810px\" class=\"wp-caption alignnone\"><img loading=\"lazy\" decoding=\"async\" aria-describedby=\"caption-attachment-26168\" class=\"wp-image-26168\" src=\"https:\/\/www.suncamp.de\/blog\/wp-content\/uploads\/\/2020\/03\/Tower-1024x640.jpg\" alt=\"Rijeka Kulturhauptstadt 2020 Tower\" width=\"800\" height=\"500\" srcset=\"https:\/\/www.suncamp.de\/blog\/wp-content\/uploads\/2020\/03\/Tower-1024x640.jpg 1024w, https:\/\/www.suncamp.de\/blog\/wp-content\/uploads\/2020\/03\/Tower-480x300.jpg 480w, https:\/\/www.suncamp.de\/blog\/wp-content\/uploads\/2020\/03\/Tower-768x480.jpg 768w, https:\/\/www.suncamp.de\/blog\/wp-content\/uploads\/2020\/03\/Tower-1536x960.jpg 1536w, https:\/\/www.suncamp.de\/blog\/wp-content\/uploads\/2020\/03\/Tower-404x253.jpg 404w, https:\/\/www.suncamp.de\/blog\/wp-content\/uploads\/2020\/03\/Tower.jpg 2000w\" sizes=\"auto, (max-width: 800px) 100vw, 800px\" \/><p id=\"caption-attachment-26168\" class=\"wp-caption-text\">Das Wahrzeichen der Stadt ist der Stadtturm mit der gro\u00dfen Turmuhr in der Fu\u00dfg\u00e4ngerzone Korzo.<\/p><\/div>\n<h3>Die lange Geschichte der Kulturhauptstadt<\/h3>\n<p>Rijeka hat eine lange und spannende Geschichte. Schon die R\u00f6mer haben sich die g\u00fcnstige Position der Stadt zunutze gemacht. Einige \u00dcberbleibsel dieser Zeit, wie ein Torbogen und ein St\u00fcck der alten Stadtmauer, kann man noch heute bewundern. Sp\u00e4ter geh\u00f6rte die Stadt zum Reich der Habsburger und wurde zwischendurch von Frankreich und Italien beherrscht. Aus der Kaiser-Zeit sind viele Prunkbauten am Meer zur\u00fcckgeblieben. Der Sozialismus hat seine Spuren in Form von Plattenbauten am Rande von Rijeka hinterlassen. Dazu kommen die vielen industriellen Hallen und Geb\u00e4ude am Hafen, von denen viele leer stehen. Allein dieser einzigartige Mix an Architektur macht einen Besuch in der Stadt lohnenswert.<\/p>\n<h3>Badespa\u00df an den Traumstr\u00e4nden Rijekas<\/h3>\n<div id=\"attachment_26158\" style=\"width: 810px\" class=\"wp-caption alignnone\"><img loading=\"lazy\" decoding=\"async\" aria-describedby=\"caption-attachment-26158\" class=\"wp-image-26158\" src=\"https:\/\/www.suncamp.de\/blog\/wp-content\/uploads\/\/2020\/03\/Sablicevo-beach-1024x640.jpg\" alt=\"Rijeka Strand\" width=\"800\" height=\"500\" srcset=\"https:\/\/www.suncamp.de\/blog\/wp-content\/uploads\/2020\/03\/Sablicevo-beach-1024x640.jpg 1024w, https:\/\/www.suncamp.de\/blog\/wp-content\/uploads\/2020\/03\/Sablicevo-beach-480x300.jpg 480w, https:\/\/www.suncamp.de\/blog\/wp-content\/uploads\/2020\/03\/Sablicevo-beach-768x480.jpg 768w, https:\/\/www.suncamp.de\/blog\/wp-content\/uploads\/2020\/03\/Sablicevo-beach-1536x960.jpg 1536w, https:\/\/www.suncamp.de\/blog\/wp-content\/uploads\/2020\/03\/Sablicevo-beach-scaled.jpg 2048w, https:\/\/www.suncamp.de\/blog\/wp-content\/uploads\/2020\/03\/Sablicevo-beach-404x253.jpg 404w\" sizes=\"auto, (max-width: 800px) 100vw, 800px\" \/><p id=\"caption-attachment-26158\" class=\"wp-caption-text\">Der Strand Sablicevo ist vom Zentrum aus schnell zu erreichen und besonders idyllisch in einer Bucht gelegen.<\/p><\/div>\n<p>Zu einem Campingurlaub in <a href=\"https:\/\/www.suncamp.de\/kroatien\">Kroatien<\/a> geh\u00f6rt nat\u00fcrlich ein Bad in der Adria. In Rijeka gibt es gleich mehrere Str\u00e4nde, die zum Sonnen und Baden einladen. Das ist praktisch, denn nach einer langen Erkundungstour durch die Stadt braucht ihr bestimmt eine Abk\u00fchlung. Besonders sch\u00f6n sind die idyllische Bucht Sablicevo wenige Minuten \u00f6stlich vom Zentrum und der Strand Plo\u010de, der mit der blauen Flagge ausgezeichnet ist. Das hei\u00dft, dass die Wasserqualit\u00e4t und Sauberkeit hier besonders gut sind. An dem Strand von Plo\u010de ist sogar noch ein Schwimmbad-Komplex angeschlossen. Perfekt f\u00fcr einen Tag voller Badespa\u00df mit der ganzen Familie!<\/p>\n<h3>Die sch\u00f6nsten Campingpl\u00e4tze in der N\u00e4he von Rijeka<\/h3>\n<p>Campingpl\u00e4tze in der N\u00e4he von Rijeka liegen auf der Halbinsel Istrien oder einer der vielen, traumhaften Inseln in der Kvarner Bucht. Von hier aus k\u00f6nnt ihr ganz einfach einen Tagesausflug in die europ\u00e4ische Kulturhauptstadt 2020 machen. Setzt euch einfach in euer Auto oder euren Mietwagen oder fahrt mit dem Boot zum Hafen von Rijeka.<\/p>\n<div id=\"attachment_26130\" style=\"width: 810px\" class=\"wp-caption alignnone\"><img loading=\"lazy\" decoding=\"async\" aria-describedby=\"caption-attachment-26130\" class=\"wp-image-26130\" src=\"https:\/\/www.suncamp.de\/blog\/wp-content\/uploads\/\/2020\/03\/105205-Krk-Premium-Resort-1024x639.jpg\" alt=\"Campingplatz KrK Premium Resort\" width=\"800\" height=\"500\" srcset=\"https:\/\/www.suncamp.de\/blog\/wp-content\/uploads\/2020\/03\/105205-Krk-Premium-Resort-1024x639.jpg 1024w, https:\/\/www.suncamp.de\/blog\/wp-content\/uploads\/2020\/03\/105205-Krk-Premium-Resort-480x300.jpg 480w, https:\/\/www.suncamp.de\/blog\/wp-content\/uploads\/2020\/03\/105205-Krk-Premium-Resort-768x480.jpg 768w, https:\/\/www.suncamp.de\/blog\/wp-content\/uploads\/2020\/03\/105205-Krk-Premium-Resort-404x253.jpg 404w, https:\/\/www.suncamp.de\/blog\/wp-content\/uploads\/2020\/03\/105205-Krk-Premium-Resort.jpg 1526w\" sizes=\"auto, (max-width: 800px) 100vw, 800px\" \/><p id=\"caption-attachment-26130\" class=\"wp-caption-text\">Vom Campingplatz <a href=\"https:\/\/www.suncamp.de\/kroatien\/primorje-gorski-kotar\/krk\/krk-premium-camping-resort-105205\/\">Krk Premium Resort<\/a> auf der Insel Krk in der Kvarner Bucht ist Rijeka ganz einfach mit dem Auto zu erreichen.<\/p><\/div>\n<p>Alle unsere Campingpl\u00e4tze in der Region liegen <a href=\"https:\/\/www.suncamp.de\/campsite\/search\/q\/region-geographical:453\/#fq=duration%3A7&amp;fq=facilities%3A135&amp;rows=6\" target=\"_blank\" rel=\"noopener noreferrer\">an der kroatischen Adria<\/a> und viele haben tolle Badelandschaften zum Toben und Planschen. Hier findet ihr sch\u00f6ne, schattige Stellpl\u00e4tze mit Meerblick und tolle Mietunterk\u00fcnfte. Erlebt das echte Glampinggef\u00fchl in einer unserer <a href=\"https:\/\/www.suncamp.de\/sunlodge\/\" target=\"_blank\" rel=\"noopener noreferrer\">SunLodges<\/a>, abenteuerliche Lodgezelte und komfortable Mobilheime, in der N\u00e4he von Rijeka.<\/p>\n\n<h3>Anreise: Mit dem Flugzeug und dem Auto nach Rijeka<\/h3>\n<div id=\"attachment_26164\" style=\"width: 810px\" class=\"wp-caption alignnone\"><img loading=\"lazy\" decoding=\"async\" aria-describedby=\"caption-attachment-26164\" class=\"wp-image-26164\" src=\"https:\/\/www.suncamp.de\/blog\/wp-content\/uploads\/\/2020\/03\/Vliegtuig-1024x640.jpg\" alt=\"Rijeka Anreise\" width=\"800\" height=\"500\" srcset=\"https:\/\/www.suncamp.de\/blog\/wp-content\/uploads\/2020\/03\/Vliegtuig-1024x640.jpg 1024w, https:\/\/www.suncamp.de\/blog\/wp-content\/uploads\/2020\/03\/Vliegtuig-480x300.jpg 480w, https:\/\/www.suncamp.de\/blog\/wp-content\/uploads\/2020\/03\/Vliegtuig-768x480.jpg 768w, https:\/\/www.suncamp.de\/blog\/wp-content\/uploads\/2020\/03\/Vliegtuig-1536x960.jpg 1536w, https:\/\/www.suncamp.de\/blog\/wp-content\/uploads\/2020\/03\/Vliegtuig-404x253.jpg 404w, https:\/\/www.suncamp.de\/blog\/wp-content\/uploads\/2020\/03\/Vliegtuig.jpg 2000w\" sizes=\"auto, (max-width: 800px) 100vw, 800px\" \/><p id=\"caption-attachment-26164\" class=\"wp-caption-text\">Der Flughafen von Rijeka liegt auf der Insel Krk.<\/p><\/div>\n<p>Nat\u00fcrlich k\u00f6nnt ihr mit dem Auto nach Rijeka fahren, euer eigenes Wohnmobil oder euren Wohnwagen nutzen. Die <a href=\"https:\/\/www.suncamp.de\/blog\/listing\/flugs-zum-glamping-urlaub-nach-kroatien\/\" target=\"_blank\" rel=\"noopener noreferrer\">Anreise mit dem Flugzeug<\/a> ist ebenfalls m\u00f6glich. Der <a href=\"http:\/\/rijeka-airport.hr\/de\/reiseziele\" target=\"_blank\" rel=\"noopener noreferrer\">Flughafen von Rijeka<\/a> liegt auf der <a href=\"https:\/\/www.suncamp.de\/kroatien\/krk\/\">Insel Krk<\/a> und wird im Sommer von vielen deutschen St\u00e4dten aus angeflogen, zum Beispiel M\u00fcnchen, Frankfurt, Hamburg und D\u00fcsseldorf. Es gibt einen Bustransfer vom Flughafen, oder ihr nehmt euch einen Mietwagen. So k\u00f6nnt ihr ganz entspannt zum Campingplatz fahren und von dort aus tolle Ausfl\u00fcge zu <a href=\"https:\/\/www.suncamp.de\/blog\/listing\/die-fuenf-schoensten-orte-istriens\/\" target=\"_blank\" rel=\"noopener noreferrer\">den sch\u00f6nsten Zielen in Istrien<\/a> machen.<\/p>\n<h3>Wie wird man Kulturhauptstadt?<\/h3>\n<p>Seit 1985 gibt es jedes Jahr eine europ\u00e4ische Kulturhauptstadt. Die L\u00e4nder werden lange im Voraus von einer Kommission der EU festgelegt. Innerhalb des Landes wird dann eine Kulturhauptstadt ausgew\u00e4hlt. Neben Rijeka ist Galway in Irland europ\u00e4ische Kulturhauptstadt 2020. Mit dem Titel bekommen St\u00e4dte eine Gelegenheit sich selbst neu zu erfinden und sich der Welt von ihrer besten Seite zu pr\u00e4sentieren. Die Initiative soll den Zusammenhalt in Europa st\u00e4rken und gleichzeitig die Vielf\u00e4ltigkeit der Kulturen feiern.<\/p>\n<div id=\"attachment_26142\" style=\"width: 810px\" class=\"wp-caption alignnone\"><img loading=\"lazy\" decoding=\"async\" aria-describedby=\"caption-attachment-26142\" class=\"wp-image-26142 size-full\" src=\"https:\/\/www.suncamp.de\/blog\/wp-content\/uploads\/\/2020\/03\/Essen.jpg\" alt=\"Deutsche Kulturhauptst\u00e4dte\" width=\"800\" height=\"600\" srcset=\"https:\/\/www.suncamp.de\/blog\/wp-content\/uploads\/2020\/03\/Essen.jpg 800w, https:\/\/www.suncamp.de\/blog\/wp-content\/uploads\/2020\/03\/Essen-400x300.jpg 400w, https:\/\/www.suncamp.de\/blog\/wp-content\/uploads\/2020\/03\/Essen-768x576.jpg 768w\" sizes=\"auto, (max-width: 800px) 100vw, 800px\" \/><p id=\"caption-attachment-26142\" class=\"wp-caption-text\">Essen war zusammen mit dem Ruhrgebiet 2010 die letzte europ\u00e4ische Kulturhauptstadt in Deutschland.<\/p><\/div>\n<h3>Deutsche Kulturhauptst\u00e4dte<\/h3>\n<p><a href=\"https:\/\/www.suncamp.de\/deutschland\/\">Deutschland<\/a> hat das letzte Mal 2010 die europ\u00e4ische Kulturhauptstadt gestellt: Essen zusammen mit dem Ruhrgebiet. Andere deutsche St\u00e4dte, denen diese Ehre schon zuteilwurde, sind Weimar (1999) und West-Berlin (1988). 2025 wird das n\u00e4chste Mal eine deutsche Stadt Kulturhauptstadt. Die f\u00fcnf Bewerber, die noch im Rennen sind, sind Magdeburg, Hannover, Hildesheim, Chemnitz und N\u00fcrnberg.<\/p>\n<p>Wart ihr schon einmal in Rijeka? Teilt gerne eure Tipps mit uns. Oder habt ihr Erfahrungen mit anderen Kulturhauptst\u00e4dten Europas gemacht? Dann hinterlasst uns einfach einen Kommentar!<\/p>\n","protected":false},"excerpt":{"rendered":"<p>Die kroatische Hafenstadt Rijeka ist die Kulturhauptstadt Europas 2020. Bei Touristen war die Stadt bislang noch unbekannt, obwohl sie die drittgr\u00f6\u00dfte Stadt Kroatiens ist. Das wird sich dieses Jahr \u00e4ndern, und das ganz zurecht. Von malerischen Villen am Meer bis zu industriellem Charme im Hafengebiet ist die Stadt so vielf\u00e4ltig wie ein Campingurlaub in Kroatien. Wir stellen euch die aufregende Hafenstadt vor und geben euch Tipps f\u00fcr euren Besuch in der Kulturhauptstadt 2020.<\/p>\n","protected":false},"author":41,"featured_media":26146,"comment_status":"open","ping_status":"closed","template":"","meta":{"_acf_changed":false,"footnotes":""},"class_list":["post-26129","listing","type-listing","status-publish","has-post-thumbnail","hentry","listing_type-ausflugstipps","listing_location-kroatien"],"acf":[],"_links":{"self":[{"href":"https:\/\/www.suncamp.de\/blog\/wp-json\/wp\/v2\/listing\/26129","targetHints":{"allow":["GET"]}}],"collection":[{"href":"https:\/\/www.suncamp.de\/blog\/wp-json\/wp\/v2\/listing"}],"about":[{"href":"https:\/\/www.suncamp.de\/blog\/wp-json\/wp\/v2\/types\/listing"}],"author":[{"embeddable":true,"href":"https:\/\/www.suncamp.de\/blog\/wp-json\/wp\/v2\/users\/41"}],"replies":[{"embeddable":true,"href":"https:\/\/www.suncamp.de\/blog\/wp-json\/wp\/v2\/comments?post=26129"}],"version-history":[{"count":14,"href":"https:\/\/www.suncamp.de\/blog\/wp-json\/wp\/v2\/listing\/26129\/revisions"}],"predecessor-version":[{"id":38731,"href":"https:\/\/www.suncamp.de\/blog\/wp-json\/wp\/v2\/listing\/26129\/revisions\/38731"}],"wp:featuredmedia":[{"embeddable":true,"href":"https:\/\/www.suncamp.de\/blog\/wp-json\/wp\/v2\/media\/26146"}],"wp:attachment":[{"href":"https:\/\/www.suncamp.de\/blog\/wp-json\/wp\/v2\/media?parent=26129"}],"curies":[{"name":"wp","href":"https:\/\/api.w.org\/{rel}","templated":true}]}}