{"id":14655,"date":"2019-02-18T16:11:24","date_gmt":"2019-02-18T15:11:24","guid":{"rendered":"https:\/\/www.suncamp.nl\/blog\/listing\/ton-lucia-in-zadar-dit-zijn-onze-tips\/"},"modified":"2023-02-24T12:32:37","modified_gmt":"2023-02-24T11:32:37","slug":"ton-lucia-unsere-tipps-fuer-zadar","status":"publish","type":"listing","link":"https:\/\/www.suncamp.de\/blog\/listing\/ton-lucia-unsere-tipps-fuer-zadar\/","title":{"rendered":"Ton &#038; Lucia: Unsere Tipps f\u00fcr Zadar!"},"content":{"rendered":"<p><strong>Verbringt Ihr euren Urlaub in <a href=\"https:\/\/www.suncamp.de\/kroatien\/split-dalmatien\/\">Dalmatien<\/a>? Dann kommt ihr um einen Besuch der Stadt Zadar nicht herum. Mittelalterliche Geb\u00e4ude, moderne Architektur, einladende Stra\u00dfencaf\u00e9s und eine echte \u201eMeeresorgel\u201c (wie bitte?!): H\u00f6chste Zeit, in Zadar\u00a0auf Entdeckungstour zu gehen!<\/strong><\/p>\n<p>Die Hafenstadt <a href=\"https:\/\/www.suncamp.de\/kroatien\/zadar\/zadar\/\">Zadar<\/a> besteht aus einem neueren Teil mit vielen modernen Gesch\u00e4ften, Superm\u00e4rkten und Wohngeb\u00e4uden. Aber vor allem die Altstadt darf man sich nicht entgehen lassen! Im vergangenen Sommer bin ich zusammen mit meinem Freund in der Stadt an der Adria gewesen. Die folgenden Sehensw\u00fcrdigkeiten m\u00fcsst ihr euch unbedingt ansehen.<\/p>\n<h2>Beliebteste Sehensw\u00fcrdigkeiten in Zadar:<\/h2>\n<ul>\n<li><a href=\"#Altstadt\">die Altstadt auf der Halbinsel<\/a><\/li>\n<li><a href=\"#ForumZadar\">das r\u00f6mische Forum Zadar<\/a><\/li>\n<li><a href=\"#Donatuskirche\">die St.-Donatus-Kirche<\/a><\/li>\n<li><a href=\"#Promenade\">die Riva-Promenade<\/a><\/li>\n<li><a href=\"#Orgel\">die Meeresorgel<\/a><\/li>\n<li><a href=\"#Sonnengru\u00df\">der Sonnengru\u00df<\/a><\/li>\n<li><a href=\"#Hafenessen\">mit Video: Essen am Hafen<\/a><\/li>\n<li><a href=\"#Kathedrale\">im Glockenturm der Kathedrale St. Anastasia<\/a><\/li>\n<\/ul>\n<p><a name=\"Altstadt\"><\/a><\/p>\n<h2>Das Besondere an der Altstadt<\/h2>\n<div id=\"attachment_36601\" style=\"width: 810px\" class=\"wp-caption alignnone\"><img loading=\"lazy\" decoding=\"async\" aria-describedby=\"caption-attachment-36601\" class=\"wp-image-36601 size-full\" src=\"https:\/\/www.suncamp.de\/blog\/wp-content\/uploads\/2019\/02\/shutterstock_1811917303-1.jpg\" alt=\"Altstadt von Zadar\" width=\"800\" height=\"532\" srcset=\"https:\/\/www.suncamp.de\/blog\/wp-content\/uploads\/2019\/02\/shutterstock_1811917303-1.jpg 800w, https:\/\/www.suncamp.de\/blog\/wp-content\/uploads\/2019\/02\/shutterstock_1811917303-1-451x300.jpg 451w, https:\/\/www.suncamp.de\/blog\/wp-content\/uploads\/2019\/02\/shutterstock_1811917303-1-768x511.jpg 768w, https:\/\/www.suncamp.de\/blog\/wp-content\/uploads\/2019\/02\/shutterstock_1811917303-1-140x94.jpg 140w\" sizes=\"auto, (max-width: 800px) 100vw, 800px\" \/><p id=\"caption-attachment-36601\" class=\"wp-caption-text\">Die Altstadt liegt auf einer Halbinsel<\/p><\/div>\n<p>Die Altstadt von Zadar ist ein wundersch\u00f6nes historisches Zentrum, das auf einer Halbinsel an der adriatischen K\u00fcste in Kroatien liegt. Mit ihren engen Gassen, historischen Geb\u00e4uden, <strong>antiken Ruinen<\/strong> und ihrer Lage <strong>direkt am Meer<\/strong> ist sie ein beliebtes Reiseziel f\u00fcr Touristen aus der ganzen Welt. Ihre Geschichte reicht zur\u00fcck bis in die Antike, als die Stadt von den R\u00f6mern gegr\u00fcndet wurde. Jede Epoche hinterlie\u00df ihre Spuren in der Architektur und Kultur der Stadt.<\/p>\n<h3>Die Altstadt zu Fu\u00df erkunden<\/h3>\n<p>Ja, es gibt sicherlich kreativere M\u00f6glichkeiten, diese Liste zu beginnen. Aber wenn man die Altstadt zu Fu\u00df erkundet, bekommt man so viel zu sehen! Schlendert durch schmale Gassen, werft einen Blick in die kleinen L\u00e4den und gewinnt einen Eindruck vom Alltag in Zadar. Dieser Teil der kroatischen Stadt ist \u00fcbrigens <strong>autofrei<\/strong>, sodass ihr ganz entspannt herumlaufen k\u00f6nnt. Entdeckungstouren durch interessante St\u00e4dte geh\u00f6ren im Urlaub zu unseren Lieblingsbesch\u00e4ftigungen!<\/p>\n<div id=\"attachment_14680\" style=\"width: 610px\" class=\"wp-caption alignnone\"><a href=\"https:\/\/www.suncamp.de\/blog\/wp-content\/uploads\/2019\/02\/inzetje-wat-te-doen-in-zadar.jpg\"><img loading=\"lazy\" decoding=\"async\" aria-describedby=\"caption-attachment-14680\" class=\"wp-image-14680 size-full\" src=\"https:\/\/www.suncamp.de\/blog\/wp-content\/uploads\/2019\/02\/inzetje-wat-te-doen-in-zadar.jpg\" alt=\"Was kann man in Zadar tun?\" width=\"600\" height=\"263\" \/><\/a><p id=\"caption-attachment-14680\" class=\"wp-caption-text\">Entdeckung von traditionellen Feinkostl\u00e4den bei einem Stadtbummel durch Zadar.<\/p><\/div>\n<p>In Zadar gibt es zum Beispiel eine <strong>reiche Tradition<\/strong> der Herstellung von Lik\u00f6ren und Spirituosen, die bis in die antike r\u00f6mische Zeit zur\u00fcckreicht. Einige der bekanntesten Spirituosen aus der Region sind Maraschino, ein Kirschlik\u00f6r, und Pelinkovac, ein Kr\u00e4uterlik\u00f6r, die beide seit Jahrhunderten in der Stadt hergestellt werden.<\/p>\n<p>Neben Spirituosen gibt es eine F\u00fclle von k\u00f6stlichen <strong>Feinkostprodukten<\/strong> wie Oliven\u00f6l, K\u00e4se, Fisch, Meeresfr\u00fcchten, Feigen und Wein, die aus der Region stammen und von lokalen Produzenten hergestellt werden. Viele Restaurants und M\u00e4rkte in der Altstadt bieten eine gro\u00dfe Auswahl an regionalen Spezialit\u00e4ten an, die die lokale Kultur und K\u00fcche widerspiegeln.<\/p>\n<p><a name=\"ForumZadar\"><\/a><\/p>\n<h2>Das r\u00f6mische Forum Zadar<\/h2>\n<div id=\"attachment_36606\" style=\"width: 810px\" class=\"wp-caption alignnone\"><img loading=\"lazy\" decoding=\"async\" aria-describedby=\"caption-attachment-36606\" class=\"wp-image-36606 size-full\" src=\"https:\/\/www.suncamp.de\/blog\/wp-content\/uploads\/2019\/02\/shutterstock_2042884379-1.jpg\" alt=\"r\u00f6misches Forum Zadar\" width=\"800\" height=\"533\" srcset=\"https:\/\/www.suncamp.de\/blog\/wp-content\/uploads\/2019\/02\/shutterstock_2042884379-1.jpg 800w, https:\/\/www.suncamp.de\/blog\/wp-content\/uploads\/2019\/02\/shutterstock_2042884379-1-450x300.jpg 450w, https:\/\/www.suncamp.de\/blog\/wp-content\/uploads\/2019\/02\/shutterstock_2042884379-1-768x512.jpg 768w, https:\/\/www.suncamp.de\/blog\/wp-content\/uploads\/2019\/02\/shutterstock_2042884379-1-140x94.jpg 140w\" sizes=\"auto, (max-width: 800px) 100vw, 800px\" \/><p id=\"caption-attachment-36606\" class=\"wp-caption-text\">Das r\u00f6mische Forum Zadar mit der St.-Donatus-Kirche im Hintergrund<\/p><\/div>\n<p>Bei der Erkundung der Stadt gelangt man automatisch auf einen Platz mit unterschiedlichen historischen Sehensw\u00fcrdigkeiten, darunter auch das r\u00f6mische Forum. Es ist das gr\u00f6\u00dfte Forum <a href=\"https:\/\/www.suncamp.de\/kroatien\">Kroatiens<\/a> und wurde im Auftrag des r\u00f6mischen Kaisers Augustus errichtet. Hier findet man auch zahlreiche \u00dcberreste alter Tempel. Jeder Stein, jede S\u00e4ule hat hier eine eigene Geschichte zu erz\u00e4hlen, als w\u00e4re man in die Vergangenheit gereist.<\/p>\n<p><a name=\"Donatuskirche\"><\/a><\/p>\n<h2>Die St.-Donatus-Kirche<\/h2>\n<p>Eine weitere Besonderheit an diesem Platz ist die St.-Donatus-Kirche. Die Kirche hat eine ungew\u00f6hnliche Form: Sie ist zylinderf\u00f6rmig. Diese Form sorgt f\u00fcr eine einzigartige Akustik im Inneren des Gotteshauses. Aus diesem Grund wird die Rundkirche regelm\u00e4\u00dfig als Konzertsaal genutzt. Sie ist der Stolz und das Wahrzeichen der Stadt. Zugegebenerma\u00dfen haben wir uns die Kirche nicht von innen angeschaut, f\u00fcr 15 Kuna (2 Euro) ist dies jedoch sehr g\u00fcnstig m\u00f6glich.<\/p>\n<div id=\"attachment_14594\" style=\"width: 610px\" class=\"wp-caption alignnone\"><a href=\"https:\/\/www.suncamp.de\/blog\/wp-content\/uploads\/2019\/02\/inzetje-donatuskerk.jpg\"><img loading=\"lazy\" decoding=\"async\" aria-describedby=\"caption-attachment-14594\" class=\"wp-image-14594 size-full\" src=\"https:\/\/www.suncamp.de\/blog\/wp-content\/uploads\/2019\/02\/inzetje-donatuskerk.jpg\" alt=\"St. Donatus Kirche in Zadar\" width=\"600\" height=\"263\" \/><\/a><p id=\"caption-attachment-14594\" class=\"wp-caption-text\">Die beeindruckende St.-Donatus-Kirche am r\u00f6mischen Forum Zadar<\/p><\/div>\n<p><a name=\"Promenade\"><\/a><\/p>\n<h2>Die Riva-Promenade<\/h2>\n<div class=\"w-full border-b border-black\/10 dark:border-gray-900\/50 text-gray-800 dark:text-gray-100 group bg-gray-50 dark:bg-[#444654]\">\n<div class=\"text-base gap-4 md:gap-6 m-auto md:max-w-2xl lg:max-w-2xl xl:max-w-3xl p-4 md:py-6 flex lg:px-0\">\n<div class=\"relative flex w-[calc(100%-50px)] flex-col gap-1 md:gap-3 lg:w-[calc(100%-115px)]\">\n<div class=\"flex flex-grow flex-col gap-3\">\n<div class=\"min-h-[20px] flex flex-col items-start gap-4 whitespace-pre-wrap\">\n<div class=\"markdown prose w-full break-words dark:prose-invert dark\">\n<p>Die Promenade in Zadar, auch bekannt als &#8220;Riva&#8221;, ist ein beliebter Ort f\u00fcr Spazierg\u00e4nge und Freizeitaktivit\u00e4ten direkt am Meer. Die gesamte Promenade verl\u00e4uft parallel zum Wasser. Von hier hat man einen wundervollen Blick auf den Kanal, die Inseln Ugljan und Pa\u0161man und in der Ferne das offene Meer.<\/p>\n<div id=\"attachment_36612\" style=\"width: 810px\" class=\"wp-caption alignnone\"><img loading=\"lazy\" decoding=\"async\" aria-describedby=\"caption-attachment-36612\" class=\"wp-image-36612 size-full\" src=\"https:\/\/www.suncamp.de\/blog\/wp-content\/uploads\/2019\/02\/shutterstock_2016091451-1.jpg\" alt=\"Riva Promenade Zadar\" width=\"800\" height=\"450\" srcset=\"https:\/\/www.suncamp.de\/blog\/wp-content\/uploads\/2019\/02\/shutterstock_2016091451-1.jpg 800w, https:\/\/www.suncamp.de\/blog\/wp-content\/uploads\/2019\/02\/shutterstock_2016091451-1-533x300.jpg 533w, https:\/\/www.suncamp.de\/blog\/wp-content\/uploads\/2019\/02\/shutterstock_2016091451-1-768x432.jpg 768w\" sizes=\"auto, (max-width: 800px) 100vw, 800px\" \/><p id=\"caption-attachment-36612\" class=\"wp-caption-text\">Die Riva-Promenade l\u00e4dt zum abendlichen Schlemmen und Spazieren.<\/p><\/div>\n<p>Es gibt zahlreiche Restaurants, Caf\u00e9s und Bars entlang der Riva, die lokale Spezialit\u00e4ten und Getr\u00e4nke servieren und ein gro\u00dfartiger Ort sind, um den Sonnenuntergang zu genie\u00dfen. Die Promenade ist auch ein wichtiger Veranstaltungsort f\u00fcr Konzerte und Festivals, insbesondere w\u00e4hrend des Zadar Summer Theatre Festivals, das jedes Jahr im Juli und August stattfindet.<\/p>\n<p>Und am Ende der Promenade befindet sich die \u201eMeeresorgel\u201c, auch <em>Sea Organ <\/em>genannt.<\/p>\n<\/div>\n<\/div>\n<\/div>\n<\/div>\n<\/div>\n<\/div>\n<p><a name=\"Orgel\"><\/a><\/p>\n<h2>Die Meeresorgel: ein endloses Meereskonzert<\/h2>\n<p>Die Meeresorgel \u00e4hnelt einer Treppe, die ins Meer hineinragt. Dort kann man sitzend die Motor- und Segelboote vorbeiziehen sehen, aber auch das Konzert der Meeresorgel genie\u00dfen. Dank der einzigartigen Architektur der Treppe, entsteht ein besonderes Ger\u00e4usch, wenn die Wellen gegen die Stufen schlagen \u2013 ein weltweit einzigartiges Erlebnis!<\/p>\n<div id=\"attachment_36616\" style=\"width: 810px\" class=\"wp-caption alignnone\"><img loading=\"lazy\" decoding=\"async\" aria-describedby=\"caption-attachment-36616\" class=\"wp-image-36616 size-full\" src=\"https:\/\/www.suncamp.de\/blog\/wp-content\/uploads\/2019\/02\/shutterstock_1773273869-1.jpg\" alt=\"Meeresorgel Zadar\" width=\"800\" height=\"533\" srcset=\"https:\/\/www.suncamp.de\/blog\/wp-content\/uploads\/2019\/02\/shutterstock_1773273869-1.jpg 800w, https:\/\/www.suncamp.de\/blog\/wp-content\/uploads\/2019\/02\/shutterstock_1773273869-1-450x300.jpg 450w, https:\/\/www.suncamp.de\/blog\/wp-content\/uploads\/2019\/02\/shutterstock_1773273869-1-768x512.jpg 768w, https:\/\/www.suncamp.de\/blog\/wp-content\/uploads\/2019\/02\/shutterstock_1773273869-1-140x94.jpg 140w\" sizes=\"auto, (max-width: 800px) 100vw, 800px\" \/><p id=\"caption-attachment-36616\" class=\"wp-caption-text\">Die Meeresorgel in Zadar ist eine einzigartige Klanginstallation, die entlang der Promenade verl\u00e4uft.<\/p><\/div>\n<p>Die Orgel besteht aus Stufen, die direkt ins Meer f\u00fchren und unter denen <strong>35 Rohre<\/strong> angebracht sind. Die Meereswellen bewegen die Luft in den Rohren und erzeugen so harmonische T\u00f6ne und Kl\u00e4nge. Die Orgel ist nicht nur eine kreative Kunstinstallation, sondern auch ein Ort der Entspannung und Besinnung, an dem man den Klang der Natur und die Sch\u00f6nheit des Meeres genie\u00dfen kann. Vor allem bei Sonnenuntergang zieht die Meeresorgel viele Besucher an!<\/p>\n<p><a name=\"Sonnengru\u00df\"><\/a><\/p>\n<h2>Der Sonnengru\u00df<\/h2>\n<p>Neben der Meeresorgel liegt das Kunstwerk <em>Greeting to the Sun.<\/em> Es ist eine Hommage an die untergehende Sonne. Und genau f\u00fcr dieses Schauspiel sollte man sich hier einfinden. Denn bei Sonnenuntergang erstrahlt das Kunstwerk dank zahlreicher Lichter in vollem Glanz.<\/p>\n<div id=\"attachment_36620\" style=\"width: 810px\" class=\"wp-caption alignnone\"><img loading=\"lazy\" decoding=\"async\" aria-describedby=\"caption-attachment-36620\" class=\"wp-image-36620 size-full\" src=\"https:\/\/www.suncamp.de\/blog\/wp-content\/uploads\/2019\/02\/shutterstock_720782437-1.jpg\" alt=\"Sonnengru\u00df Zadar\" width=\"800\" height=\"533\" srcset=\"https:\/\/www.suncamp.de\/blog\/wp-content\/uploads\/2019\/02\/shutterstock_720782437-1.jpg 800w, https:\/\/www.suncamp.de\/blog\/wp-content\/uploads\/2019\/02\/shutterstock_720782437-1-450x300.jpg 450w, https:\/\/www.suncamp.de\/blog\/wp-content\/uploads\/2019\/02\/shutterstock_720782437-1-768x512.jpg 768w, https:\/\/www.suncamp.de\/blog\/wp-content\/uploads\/2019\/02\/shutterstock_720782437-1-140x94.jpg 140w\" sizes=\"auto, (max-width: 800px) 100vw, 800px\" \/><p id=\"caption-attachment-36620\" class=\"wp-caption-text\">Der Sonnengru\u00df ist eine Kunstinstallation, die tags\u00fcber Sonnenenergie speichert und nachts als Lichtshow wieder abgibt.<\/p><\/div>\n<div class=\"w-full border-b border-black\/10 dark:border-gray-900\/50 text-gray-800 dark:text-gray-100 group bg-gray-50 dark:bg-[#444654]\">\n<div class=\"text-base gap-4 md:gap-6 m-auto md:max-w-2xl lg:max-w-2xl xl:max-w-3xl p-4 md:py-6 flex lg:px-0\">\n<div class=\"relative flex w-[calc(100%-50px)] flex-col gap-1 md:gap-3 lg:w-[calc(100%-115px)]\">\n<div class=\"flex flex-grow flex-col gap-3\">\n<div class=\"min-h-[20px] flex flex-col items-start gap-4 whitespace-pre-wrap\">\n<div class=\"markdown prose w-full break-words dark:prose-invert dark\">\n<p>Der Sonnengru\u00df ist eine Kunstinstallation, die sich auf einer Fl\u00e4che von 22 Meter Durchmesser am westlichen Ende der Promenade befindet. Die Installation besteht aus 300 mehrschichtigen Gl\u00e4sern auf dem Boden, die tags\u00fcber Sonnenenergie speichern und nachts als Lichtshow mit verschiedenen Mustern und Farben wieder abgeben. Es ist ein Symbol f\u00fcr die <strong>moderne Kunstszene in Zadar<\/strong> und ein beliebter Ort, um den Sonnenuntergang zu genie\u00dfen. Die Installation ist ein Teil des &#8220;Sea Organ and Sun Salutation&#8221; Projekts, das im Jahr 2005 vom kroatischen Architekten Nikola Ba\u0161i\u0107 entworfen wurde und sich zu einem wichtigen Wahrzeichen entwickelte.<\/p>\n<p><a name=\"Hafenessen\"><\/a><\/p>\n<h2>Mit Video: Essen am Hafen<\/h2>\n<p>Lust auf ein Gericht, bei dem man nach dem ersten Bissen eine regelrechte Geschmacksexplosion erlebt? Dann auf ins <a href=\"http:\/\/harbor.hr\/\" target=\"_blank\" rel=\"noopener\">Harbor Cookhouse &amp; Club<\/a>, ein hippes Hafenlokal mit Mobiliar aus Holz und Leder, einer gro\u00dfen Bar und einem riesigen Schiffsbug an der Wand. Das Personal spricht gut Englisch und ist sehr gastfreundlich.<\/p>\n<p>Ich habe Lammkeule bestellt, dazu gab es S\u00fc\u00dfkartoffelp\u00fcree, Rosmarin und eine herrliche Sauce f\u00fcr 139,00 Kuna (18 Euro). Mein Freund entschied sich f\u00fcr das Special: Fisch in Salzkruste, der anschlie\u00dfend flambiert wurde. Ich habe meinen Freund noch nie so gl\u00fccklich gesehen und das mit einem St\u00fcck Fisch! Erstklassiges Essen mit Blick auf den Hafen \u2013 ein absolutes Muss!<\/p>\n<div style=\"width: 520px;\" class=\"wp-video\"><!--[if lt IE 9]><script>document.createElement('video');<\/script><![endif]-->\n<video class=\"wp-video-shortcode\" id=\"video-14655-1\" width=\"520\" height=\"293\" preload=\"metadata\" controls=\"controls\"><source type=\"video\/mp4\" src=\"https:\/\/www.suncamp.de\/blog\/wp-content\/uploads\/2019\/02\/TRIM_20190212_094610.mp4?_=1\" \/><a href=\"https:\/\/www.suncamp.de\/blog\/wp-content\/uploads\/2019\/02\/TRIM_20190212_094610.mp4\">https:\/\/www.suncamp.de\/blog\/wp-content\/uploads\/2019\/02\/TRIM_20190212_094610.mp4<\/a><\/video><\/div>\n<p><a name=\"Kathedrale\"><\/a><\/p>\n<h2>Im Glockentrum de Kathedrale St. Anastasia<\/h2>\n<p>Seid ihr gut zu Fu\u00df? Dann erklimmt den Glockenturm der Kathedrale St. Anastasia. Stufe um Stufe l\u00e4uft man an den zahlreichen Glocken des Turms vorbei. Oben angekommen wartet schon die Belohnung: eine wundersch\u00f6ne Aussicht \u00fcber Zadar, die nahe gelegenen Berge und die K\u00fcste. Der Eintritt betr\u00e4gt gerade einmal 15 Kuna (2 Euro).<\/p>\n<div id=\"metaslider-id-14286\" style=\"max-width: 700px;\" class=\"ml-slider-3-100-1 metaslider metaslider-flex metaslider-14286 ml-slider ml-slider-lightbox-2-0-0 lightbox-disabled ms-theme-default\" role=\"region\" aria-label=\"Zadar\" data-height=\"300\" data-width=\"700\">\n    <div id=\"metaslider_container_14286\">\n        <div id=\"metaslider_14286\" class=\"flexslider\">\n            <ul class='slides'>\n                <li style=\"display: block; width: 100%;\" class=\"slide-14588 ms-image \" aria-roledescription=\"slide\" data-date=\"2019-02-12 10:08:22\"><img loading=\"lazy\" decoding=\"async\" src=\"https:\/\/www.suncamp.de\/blog\/wp-content\/uploads\/2019\/02\/Zadar-van-bovenaf-600x257.jpg\" height=\"300\" width=\"700\" alt=\"Wat te doen in Zadar?\" class=\"slider-14286 slide-14588 msDefaultImage\" title=\"Zadar van bovenaf\" \/><\/li>\n                <li style=\"display: none; width: 100%;\" class=\"slide-14567 ms-image \" aria-roledescription=\"slide\" data-date=\"2019-02-12 09:43:16\"><img loading=\"lazy\" decoding=\"async\" src=\"https:\/\/www.suncamp.de\/blog\/wp-content\/uploads\/2019\/02\/DSC_0975-700x300.jpg\" height=\"300\" width=\"700\" alt=\"Uitzicht vanaf St. Anastasia-kathedraal\" class=\"slider-14286 slide-14567 msDefaultImage\" title=\"Uitzicht vanuit de klokkentoren van St. Anastasia-kathedraal\" \/><\/li>\n                <li style=\"display: none; width: 100%;\" class=\"slide-14566 ms-image \" aria-roledescription=\"slide\" data-date=\"2019-02-12 09:43:15\"><img loading=\"lazy\" decoding=\"async\" src=\"https:\/\/www.suncamp.de\/blog\/wp-content\/uploads\/2019\/02\/DSC_0974-700x300.jpg\" height=\"300\" width=\"700\" alt=\"Zadar\" class=\"slider-14286 slide-14566 msDefaultImage\" title=\"Uitzicht vanuit de klokkentoren van St. Anastasia-kathedraal\" \/><\/li>\n                <li style=\"display: none; width: 100%;\" class=\"slide-14568 ms-image \" aria-roledescription=\"slide\" data-date=\"2019-02-12 09:43:16\"><img loading=\"lazy\" decoding=\"async\" src=\"https:\/\/www.suncamp.de\/blog\/wp-content\/uploads\/2019\/02\/DSC_0979-700x300.jpg\" height=\"300\" width=\"700\" alt=\"Zadar van bovenaf\" class=\"slider-14286 slide-14568 msDefaultImage\" title=\"Het Romeins Forum van bovenaf\" \/><\/li>\n                <li style=\"display: none; width: 100%;\" class=\"slide-14569 ms-image \" aria-roledescription=\"slide\" data-date=\"2019-02-12 09:43:16\"><img loading=\"lazy\" decoding=\"async\" src=\"https:\/\/www.suncamp.de\/blog\/wp-content\/uploads\/2019\/02\/DSC_0980-700x300.jpg\" height=\"300\" width=\"700\" alt=\"Klokkentoren in Zadar\" class=\"slider-14286 slide-14569 msDefaultImage\" title=\"Klokkentoren in Zadar\" \/><\/li>\n            <\/ul>\n        <\/div>\n        \n    <\/div>\n<\/div>\n<h2>Weitere Tipps f\u00fcr Zadar:<\/h2>\n<ul>\n<li><strong>Parken in der Altstadt. <\/strong> Im Sommer ist es schwierig, am Rande der Altstadt einen Parkplatz zu finden. Langes Suchen lohnt sich nicht. Wir haben am <a href=\"http:\/\/car-parking-zadar.com\/\" target=\"_blank\" rel=\"noopener\">Garage Center<\/a> geparkt. Von hier ist man nach zehn Minuten Fu\u00dfmarsch im alten Stadtzentrum. Au\u00dferdem l\u00e4uft man am Hafen entlang, eine besonders sch\u00f6ne Strecke.<\/li>\n<li><strong>Entspannen im Park. <\/strong> Sie Stadt hat ein pulsierendes Nachtleben. Abends kann man zum Beispiel im <em>Queen Jelena Madijevka Park<\/em> chillen und im <a href=\"http:\/\/www.ledana.hr\/\" target=\"_blank\" rel=\"noopener\">Ledana<\/a> die Nacht durchfeiern. Diese Bar befindet sich mitten im Park und bietet dadurch eine m\u00e4rchenhafte Atmosph\u00e4re.<\/li>\n<li><strong>Meidet das Muzej Iluzija<\/strong> Dieser Blog-Eintrag hat mit einem un\u00fcblichen Tipp angefangen, also schlie\u00dfen wir ihn auch mit einem solchen ab: Meidet das Muzej Iluzija. In diesem Museum in Zadar werden optische T\u00e4uschungen ausgestellt. Meinem Freund und mir gef\u00e4llt so etwas normalerweise sehr gut. Aber der Besuch ist das Geld nicht wert, auch nicht f\u00fcr Kinder. Nach einer halben Stunde hatten wir schon alles gesehen und so spannend waren die optischen T\u00e4uschungen auch nicht. Kurz gesagt: eine ziemliche Entt\u00e4uschung!<\/li>\n<\/ul>\n<p>Lest auch \u00a0\u21d2\u00a0<a href=\"https:\/\/www.suncamp.de\/blog\/listing\/unterwegs-mit-ton-lucia-im-feriendorf-an-der-kroatischen-kueste\/?_ga=2.100332189.221723914.1550580196-626078651.1535971189&amp;_gac=1.195864030.1547653220.CjwKCAiAyfvhBRBsEiwAe2t_i_u1TWYDLF_htFoU7ruwQZbzk-w0dPX2vgZEKGaa0yZp9xGx2kChLxoCJgEQAvD_BwE\">Gr\u00fc\u00dfe von Ton &amp; Lucia aus dem Feriendorf an der kroatischen K\u00fcste<\/a><br \/>\nLest auch \u21d2\u00a0\u00a0<a href=\"https:\/\/www.suncamp.de\/blog\/listing\/krka-wasserfaelle-da-muesst-ihr-hin\/?_ga=2.255587723.221723914.1550580196-626078651.1535971189&amp;_gac=1.121794297.1547653220.CjwKCAiAyfvhBRBsEiwAe2t_i_u1TWYDLF_htFoU7ruwQZbzk-w0dPX2vgZEKGaa0yZp9xGx2kChLxoCJgEQAvD_BwE\">Krka-Wasserf\u00e4lle: Da m\u00fcsst ihr hin!<\/a><\/p>\n<h2>Campingpl\u00e4tze in der N\u00e4he von Zadar:<\/h2>\n\n<p>Seid ihr schon einmal in Zadar gewesen? Was sind eure Tipps?<\/p>\n<\/div>\n<\/div>\n<\/div>\n<\/div>\n<\/div>\n<\/div>\n","protected":false},"excerpt":{"rendered":"<p>Verbringt Ihr euren Urlaub in Dalmatien? Dann kommt ihr um einen Besuch der Stadt Zadar nicht herum. Mittelalterliche Geb\u00e4ude, moderne Architektur, einladende Stra\u00dfencaf\u00e9s und eine echte \u201eMeeresorgel\u201c (wie bitte?!): H\u00f6chste Zeit, in Zadar auf Entdeckungstour zu gehen!<\/p>\n","protected":false},"author":37,"featured_media":36626,"comment_status":"open","ping_status":"closed","template":"","meta":{"_acf_changed":false,"footnotes":""},"class_list":["post-14655","listing","type-listing","status-publish","has-post-thumbnail","hentry","listing_type-ausflugstipps","listing_location-kroatien"],"acf":[],"_links":{"self":[{"href":"https:\/\/www.suncamp.de\/blog\/wp-json\/wp\/v2\/listing\/14655","targetHints":{"allow":["GET"]}}],"collection":[{"href":"https:\/\/www.suncamp.de\/blog\/wp-json\/wp\/v2\/listing"}],"about":[{"href":"https:\/\/www.suncamp.de\/blog\/wp-json\/wp\/v2\/types\/listing"}],"author":[{"embeddable":true,"href":"https:\/\/www.suncamp.de\/blog\/wp-json\/wp\/v2\/users\/37"}],"replies":[{"embeddable":true,"href":"https:\/\/www.suncamp.de\/blog\/wp-json\/wp\/v2\/comments?post=14655"}],"version-history":[{"count":24,"href":"https:\/\/www.suncamp.de\/blog\/wp-json\/wp\/v2\/listing\/14655\/revisions"}],"predecessor-version":[{"id":36630,"href":"https:\/\/www.suncamp.de\/blog\/wp-json\/wp\/v2\/listing\/14655\/revisions\/36630"}],"wp:featuredmedia":[{"embeddable":true,"href":"https:\/\/www.suncamp.de\/blog\/wp-json\/wp\/v2\/media\/36626"}],"wp:attachment":[{"href":"https:\/\/www.suncamp.de\/blog\/wp-json\/wp\/v2\/media?parent=14655"}],"curies":[{"name":"wp","href":"https:\/\/api.w.org\/{rel}","templated":true}]}}